{"id":27,"date":"2019-06-10T21:09:29","date_gmt":"2019-06-10T21:09:29","guid":{"rendered":"https:\/\/kgherchen.de\/?page_id=27"},"modified":"2019-10-04T23:52:18","modified_gmt":"2019-10-04T21:52:18","slug":"mitglied-werden","status":"publish","type":"page","link":"https:\/\/kgherchen.de\/index.php\/mitglied-werden\/","title":{"rendered":"Mitglied werden"},"content":{"rendered":"<p><img loading=\"lazy\" decoding=\"async\" src=\"https:\/\/kgherchen.de\/wp-content\/uploads\/2019\/06\/kgh-wappen-png-245x300.png\" alt=\"\" srcset=\"https:\/\/kgherchen.de\/wp-content\/uploads\/2019\/06\/kgh-wappen-png-245x300.png 245w, https:\/\/kgherchen.de\/wp-content\/uploads\/2019\/06\/kgh-wappen-png-768x942.png 768w, https:\/\/kgherchen.de\/wp-content\/uploads\/2019\/06\/kgh-wappen-png-835x1024.png 835w\" sizes=\"auto, 100vw\" width=\"245\" height=\"300\">\t\t\t\t\t\t\t\t\t\t\t<\/p>\n<p><\/p>\n\n\n<\/p>Wir freuen uns \u00fcber interessierte B\u00fcrgerinnen und B\u00fcrger aus Windeck und Umgebung, die Lust haben, als Mitglied der KG Herchen den Karneval in unserer Region nicht nur zu feiern sondern auch mitzugestalten. Sehr willkommen sind Jecke, die unsere KG aktiv mit ihren Ideen und ihrem Engagement unterst\u00fctzen m\u00f6chten. Wir sind in Windeck eine sehr engagierte Karnevalsgesellschaft, die regelm\u00e4\u00dfig die Windecker Tolit\u00e4ten stellt und ein abwechslungsreiches Gesellschaftsleben bietet.\n<p>\n\n\n<p><\/p>\n<p><\/p>\n\n\n<\/p>\n<p>Unser Mitgliedsantrag steht Ihnen zum Download zur Verf\u00fcgung:<\/p>\n<p>\n\n\n<p><\/p>\n<p><\/p>\n\n\n<\/p>\n<p>\n\n\n<p><\/p>\n<p><\/p>\n\n\n<\/p>\n<p>\n\n\n<p><\/p>\n<p><\/p>\n\n\n<\/p>\n<p>\n\n\n<p><\/p>\n<p><\/p>\n\n\n<\/p>\n<p>\n\n\n<p><\/p>\n<p>\t\t\t<a href=\"https:\/\/kgherchen.de\/wp-content\/uploads\/2019\/08\/KGHerchen_Mitgliedsantrag_2019.pdf\" target=\"_blank\" role=\"button\" rel=\"noopener noreferrer\"><br>\n\t\t\t\t\t\tHier klicken<br>\n\t\t\t\t\t<\/a><\/p>","protected":false},"excerpt":{"rendered":"<p>Wir freuen uns \u00fcber interessierte B\u00fcrgerinnen und B\u00fcrger aus Windeck und Umgebung, die Lust haben, als Mitglied der KG Herchen den Karneval in unserer Region nicht nur zu feiern sondern auch mitzugestalten. Sehr willkommen sind Jecke, die unsere KG aktiv mit ihren Ideen und ihrem Engagement unterst\u00fctzen m\u00f6chten. Wir sind in Windeck eine sehr engagierte &hellip; <\/p>\n<p class=\"link-more\"><a href=\"https:\/\/kgherchen.de\/index.php\/mitglied-werden\/\" class=\"more-link\"><span class=\"screen-reader-text\">\u201eMitglied werden\u201c<\/span> weiterlesen<\/a><\/p>\n","protected":false},"author":1,"featured_media":0,"parent":0,"menu_order":0,"comment_status":"closed","ping_status":"closed","template":"","meta":{"ngg_post_thumbnail":0,"footnotes":""},"class_list":["post-27","page","type-page","status-publish","hentry"],"_links":{"self":[{"href":"https:\/\/kgherchen.de\/index.php\/wp-json\/wp\/v2\/pages\/27","targetHints":{"allow":["GET"]}}],"collection":[{"href":"https:\/\/kgherchen.de\/index.php\/wp-json\/wp\/v2\/pages"}],"about":[{"href":"https:\/\/kgherchen.de\/index.php\/wp-json\/wp\/v2\/types\/page"}],"author":[{"embeddable":true,"href":"https:\/\/kgherchen.de\/index.php\/wp-json\/wp\/v2\/users\/1"}],"replies":[{"embeddable":true,"href":"https:\/\/kgherchen.de\/index.php\/wp-json\/wp\/v2\/comments?post=27"}],"version-history":[{"count":19,"href":"https:\/\/kgherchen.de\/index.php\/wp-json\/wp\/v2\/pages\/27\/revisions"}],"predecessor-version":[{"id":385,"href":"https:\/\/kgherchen.de\/index.php\/wp-json\/wp\/v2\/pages\/27\/revisions\/385"}],"wp:attachment":[{"href":"https:\/\/kgherchen.de\/index.php\/wp-json\/wp\/v2\/media?parent=27"}],"curies":[{"name":"wp","href":"https:\/\/api.w.org\/{rel}","templated":true}]}}